{"id":450,"date":"2019-06-24T11:17:26","date_gmt":"2019-06-24T09:17:26","guid":{"rendered":"http:\/\/gpm3.eu\/polish\/?page_id=450"},"modified":"2019-06-24T13:04:35","modified_gmt":"2019-06-24T11:04:35","slug":"projekt-publiczny","status":"publish","type":"page","link":"https:\/\/gpm3.eu\/polish\/projekt-publiczny\/","title":{"rendered":"Projekty publiczne"},"content":{"rendered":"<div id=\"dslc-main\">\n\t\t<div  class=\"dslc-modules-section \" style=\"padding-bottom:45px;padding-top:45px;background-image:url(http:\/\/gpm3.eu\/polish\/wp-content\/uploads\/sites\/2\/2019\/03\/img2-1.jpg);background-position:center center;background-size:cover;\" data-section-id=\"62ae1fb19b1\">\n\t\t\t\t<div class=\"dslc-bg-video dslc-force-show\"><div class=\"dslc-bg-video-overlay\" style=\"background-color:#08214e; opacity:0.85; \"><\/div><\/div>\n\t\t\t\t\n\t\t\t\t<div class=\"dslc-modules-section-wrapper dslc-clearfix\"><div class=\"dslc-modules-area dslc-col dslc-2-col dslc-first-col dslc-valign- \" data-size=\"2\" data-valign=\"\"><\/div><div class=\"dslc-modules-area dslc-col dslc-8-col  dslc-valign- \" data-size=\"8\" data-valign=\"\">\n\t\t<div id=\"dslc-module-c9e25e05547\" class=\"dslc-module-front dslc-module-DSLC_Text_Simple dslc-in-viewport-check dslc-in-viewport-anim-none  dslc-col dslc-12-col dslc-last-col  dslc-module-handle-like-regular \" data-module-id=\"c9e25e05547\" data-module=\"DSLC_Text_Simple\" data-dslc-module-size=\"12\" data-dslc-anim=\"none\" data-dslc-anim-delay=\"\" data-dslc-anim-duration=\"650\"  data-dslc-anim-easing=\"ease\" data-dslc-preset=\"none\" >\n\n\t\t\t\n\t\t\t\n\t\t\r\n\t\t<div class=\"dslc-text-module-content\">\r\n\t\t\t<p>Projekty publiczne<\/p>\t\t<\/div>\r\n\r\n\t\t\n\t\t\t\t<\/div><!-- .dslc-module -->\n\t\t<\/div><\/div><\/div>\n\t\t<div  class=\"dslc-modules-section \" style=\"background-color:#ededed;\" data-section-id=\"5c0ca2cca3d\">\n\t\t\t\t\n\t\t\t\t\n\t\t\t\t<div class=\"dslc-modules-section-wrapper dslc-clearfix\"><div class=\"dslc-modules-area dslc-col dslc-12-col dslc-last-col dslc-valign- \" data-size=\"12\" data-valign=\"\">\n\t\t<div id=\"dslc-module-256c0154b21\" class=\"dslc-module-front dslc-module-DSLC_Text_Simple dslc-in-viewport-check dslc-in-viewport-anim-none  dslc-col dslc-12-col dslc-last-col  dslc-module-handle-like-regular \" data-module-id=\"256c0154b21\" data-module=\"DSLC_Text_Simple\" data-dslc-module-size=\"12\" data-dslc-anim=\"none\" data-dslc-anim-delay=\"\" data-dslc-anim-duration=\"650\"  data-dslc-anim-easing=\"ease\" data-dslc-preset=\"none\" >\n\n\t\t\t\n\t\t\t\n\t\t\r\n\t\t<div class=\"dslc-text-module-content\">\r\n\t\t\t<h6><a href=\"http:\/\/www.sybena.pl\/dokumenty\/Projekty-Publiczne\/Gasik_Samitowski_Jak_usprawni\u0107_prowadzenie_publicznych_megaprojekt\u00f3w_Rzeczpospolita_2025.08.06.pdf\">S. Gasik, W. Samitowski, Jak usprawni\u0107 prowadzenie publicznych megaprojekt\u00f3w (Rzeczpospolita, 2025.08.06)<\/a><\/h6><h6><a href=\"https:\/\/businessinsider.com.pl\/gospodarka\/czy-polskie-projekty-publiczne-musza-ponosic-porazki-opinia\/8nkfrq9\">Czy polskie projekty publiczne musz\u0105 ponosi\u0107 pora\u017cki? (<em>Business Insider<\/em>, 13.10.2024)<\/a><\/h6><h6><a href=\"https:\/\/www.sybena.pl\/dokumenty\/Projekty-Publiczne\/Gasik_SIDIR_Strategia_Projekty_NIK_2023.pdf\">Strategia a projekty (Biuletyn SIDIR, nr 67, lipiec 2023)<\/a><\/h6><h6><a href=\"http:\/\/www.sybena.pl\/dokumenty\/Projekty-Publiczne\/Gasik-Analiza-Rekomendacje-KPRM-zarz%C4%85dzanie-projektami-publicznymi.pdf\">Analiza rekomendacji zarz\u0105dzania projektami KPRM (maj 2021)<\/a><\/h6><h6><span style=\"color: #000000;\"><a style=\"color: #000000;\" href=\"https:\/\/nowakonfederacja.pl\/wp-content\/uploads\/2018\/01\/W_strone_dojrzalosci-Stanislaw_Gasik.pdf\">Projekty jako narz\u0119dzie rozwoju administracji publicznej (<em>Nowa Konfederacja<\/em>, stycze\u0144 2018)<\/a><\/span><\/h6><h6><span style=\"color: #000000;\"><a style=\"color: #000000;\" href=\"http:\/\/www.sybena.pl\/dokumenty\/Projekty-Publiczne\/MD_Ksiazka_Spis_Tresci.pdf\">Zarz\u0105dzanie projektami sektora publicznego (<em>Wydawnictwo Akademii Finans\u00f3w i Biznesu Vistula<\/em>, czerwiec 2017)<\/a><\/span><\/h6><h6><span style=\"color: #000000;\"><a style=\"color: #000000;\" href=\"http:\/\/www.sybena.pl\/dokumenty\/Projekty-Publiczne\/RZ_Polskie_Inwestycje_Rozwojowe__Gasik_2014.02.20.jpg\">O Polskich Inwestycjach Rozwojowych (<em>Rzeczpospolita<\/em>, 20 lutego 2014)<\/a><\/span><\/h6><h6><span style=\"color: #000000;\"><a style=\"color: #000000;\" href=\"http:\/\/www.sybena.pl\/dokumenty\/Projekty-Publiczne\/Gasik-Zarys-modelu-krajowych-systemow-projektow-publicznych.pdf\">Zarys modelu Krajowych System\u00f3w Realizacji Projekt\u00f3w Publicznych (<em>Zarz\u0105dzanie Publiczne<\/em>, 4 (28) 2014)<\/a><\/span><\/h6><h6><span style=\"color: #000000;\"><a style=\"color: #000000;\" href=\"http:\/\/www.sybena.pl\/dokumenty\/Projekty-Publiczne\/DGP_Wielkie_Projekty_Publiczne_Gasik.jpg\">Wielkie projekty publiczne wymagaj\u0105 nowych zasad (<em>Dziennik Gazeta Prawna<\/em>, 28 maja 2013)<\/a><\/span><\/h6><h6><span style=\"color: #000000;\"><a style=\"color: #000000;\" href=\"http:\/\/www.sybena.pl\/dokumenty\/Projekty-Publiczne\/Gasik-Model-wymiarowy-roznic-miedzy-projektami-publicznymi-a-innymi.pdf\">R\u00f3\u017cnice mi\u0119dzy projektami publicznymi a projektami innych sektor\u00f3w (konferencja <em>Tendencje we wsp\u00f3\u0142czesnym zarz\u0105dzaniu publicznym<\/em>, UJ, lipiec 2016)<\/a><\/span><\/h6><h6><span style=\"color: #000000;\"><a style=\"color: #000000;\" href=\"http:\/\/www.sybena.pl\/dokumenty\/Projekty-Publiczne\/Gasik-KNU-Vistula-Model%20Zarzadzania-projektami-publicznymi.pdf\">Model zarz\u0105dzania projektami publicznymi (<em>Zeszyty Naukowe AFiB Vistula<\/em>, 2 (40) 2014)<\/a><\/span><\/h6><h6><span style=\"color: #000000;\"> <a style=\"color: #000000;\" href=\"http:\/\/www.sybena.pl\/dokumenty\/Projekty-Publiczne\/DGP-Gasik-Wybory-samorzadowe-2014-jako-projekt.png\">Analiza pora\u017cki projekt\u00f3w samorz\u0105dowych 2014 (<em>Dziennik Gazeta Prawna<\/em>, 20 kwietnia 2015)<\/a><\/span><\/h6><h6><span style=\"color: #000000;\"> <a style=\"color: #000000;\" href=\"http:\/\/www.sybena.pl\/dokumenty\/Projekty-Publiczne\/gasik-zaufanie-kontrola-partnerstwo-projekty-publiczne.pdf\">Zaufanie i partnerstwo jako alternatywa dla kontroli w projektach publicznych (konferencja Kontrola zam\u00f3wie\u0144 publicznych, Wroc\u0142aw, czerwiec 2013)<\/a><\/span><\/h6><h6><span style=\"color: #000000;\"><a style=\"color: #000000;\" href=\"http:\/\/www.sybena.pl\/dokumenty\/Projekty-Publiczne\/ThinkTank-Gasik-Projekty-publiczne-potrzebna-formula-partnerska.pdf\">Partnerstwo w projektach publicznych (<em>ThinkTank<\/em>, wiosna 2014)<\/a><\/span><\/h6><h6><a href=\"http:\/\/www.sybena.pl\/dokumenty\/Projekty-Publiczne\/Gasik-Andreasik-Guzik-Madura-Szubiela-Projekty-Publiczne-w-Polsce.pdf\"><span style=\"color: #000000;\">Raport: Projekty publiczne w\u00a0Polsce. Stana\u00a0aktualny,\u00a0analiza,\u00a0propozycje.<\/span><\/a><\/h6>\t\t<\/div>\r\n\r\n\t\t\n\t\t\t\t<\/div><!-- .dslc-module -->\n\t\t<\/div><\/div><\/div><\/div>","protected":false},"excerpt":{"rendered":"<p>Projekty publiczne S. Gasik, W. Samitowski, Jak usprawni\u0107 prowadzenie publicznych megaprojekt\u00f3w (Rzeczpospolita, 2025.08.06)Czy polskie projekty publiczne musz\u0105 ponosi\u0107 pora\u017cki? (Business Insider, 13.10.2024)Strategia a projekty (Biuletyn SIDIR, nr 67, lipiec 2023)Analiza rekomendacji zarz\u0105dzania projektami KPRM (maj 2021)Projekty jako narz\u0119dzie rozwoju administracji publicznej (Nowa Konfederacja, stycze\u0144 2018)Zarz\u0105dzanie projektami sektora publicznego (Wydawnictwo Akademii Finans\u00f3w i Biznesu Vistula, czerwiec [&hellip;]<\/p>\n","protected":false},"author":1,"featured_media":0,"parent":0,"menu_order":0,"comment_status":"closed","ping_status":"closed","template":"","meta":{"footnotes":""},"class_list":["post-450","page","type-page","status-publish","hentry"],"yoast_head":"<!-- This site is optimized with the Yoast SEO plugin v24.6 - https:\/\/yoast.com\/wordpress\/plugins\/seo\/ -->\n<title>Projekty publiczne - PL | gpm3.eu\/polish<\/title>\n<meta name=\"description\" content=\"Zarz\u0105dzanie projektami jest strategiczn\u0105 umiej\u0119tno\u015bci\u0105 ka\u017cdego rz\u0105du. Model zarz\u0105dzania projektami publicznymi, r\u00f3\u017cnice mi\u0119dzy projektami prywatnymi a publicznymi, projekty jako narz\u0119dzie rozwoju administracji publicznej, pora\u017cki proejkt\u00f3w - o tym mo\u017cesz przeczyta\u0107 na tej stronie.\" \/>\n<meta name=\"robots\" content=\"index, follow, max-snippet:-1, max-image-preview:large, max-video-preview:-1\" \/>\n<link rel=\"canonical\" href=\"http:\/\/gpm3.eu\/polish\/projekt-publiczny\/\" \/>\n<meta property=\"og:locale\" content=\"pl_PL\" \/>\n<meta property=\"og:type\" content=\"article\" \/>\n<meta property=\"og:title\" content=\"Projekty publiczne - PL | gpm3.eu\/polish\" \/>\n<meta property=\"og:description\" content=\"Zarz\u0105dzanie projektami jest strategiczn\u0105 umiej\u0119tno\u015bci\u0105 ka\u017cdego rz\u0105du. Model zarz\u0105dzania projektami publicznymi, r\u00f3\u017cnice mi\u0119dzy projektami prywatnymi a publicznymi, projekty jako narz\u0119dzie rozwoju administracji publicznej, pora\u017cki proejkt\u00f3w - o tym mo\u017cesz przeczyta\u0107 na tej stronie.\" \/>\n<meta property=\"og:url\" content=\"http:\/\/gpm3.eu\/polish\/projekt-publiczny\/\" \/>\n<meta property=\"og:site_name\" content=\"PL | gpm3.eu\/polish\" \/>\n<meta property=\"article:modified_time\" content=\"2019-06-24T11:04:35+00:00\" \/>\n<meta name=\"twitter:card\" content=\"summary_large_image\" \/>\n<script type=\"application\/ld+json\" class=\"yoast-schema-graph\">{\"@context\":\"https:\/\/schema.org\",\"@graph\":[{\"@type\":\"WebPage\",\"@id\":\"http:\/\/gpm3.eu\/polish\/projekt-publiczny\/\",\"url\":\"http:\/\/gpm3.eu\/polish\/projekt-publiczny\/\",\"name\":\"Projekty publiczne - PL | gpm3.eu\/polish\",\"isPartOf\":{\"@id\":\"http:\/\/gpm3.eu\/polish\/#website\"},\"datePublished\":\"2019-06-24T09:17:26+00:00\",\"dateModified\":\"2019-06-24T11:04:35+00:00\",\"description\":\"Zarz\u0105dzanie projektami jest strategiczn\u0105 umiej\u0119tno\u015bci\u0105 ka\u017cdego rz\u0105du. Model zarz\u0105dzania projektami publicznymi, r\u00f3\u017cnice mi\u0119dzy projektami prywatnymi a publicznymi, projekty jako narz\u0119dzie rozwoju administracji publicznej, pora\u017cki proejkt\u00f3w - o tym mo\u017cesz przeczyta\u0107 na tej stronie.\",\"breadcrumb\":{\"@id\":\"http:\/\/gpm3.eu\/polish\/projekt-publiczny\/#breadcrumb\"},\"inLanguage\":\"pl-PL\",\"potentialAction\":[{\"@type\":\"ReadAction\",\"target\":[\"http:\/\/gpm3.eu\/polish\/projekt-publiczny\/\"]}]},{\"@type\":\"BreadcrumbList\",\"@id\":\"http:\/\/gpm3.eu\/polish\/projekt-publiczny\/#breadcrumb\",\"itemListElement\":[{\"@type\":\"ListItem\",\"position\":1,\"name\":\"Home\",\"item\":\"http:\/\/gpm3.eu\/polish\/\"},{\"@type\":\"ListItem\",\"position\":2,\"name\":\"Projekty publiczne\"}]},{\"@type\":\"WebSite\",\"@id\":\"http:\/\/gpm3.eu\/polish\/#website\",\"url\":\"http:\/\/gpm3.eu\/polish\/\",\"name\":\"PL | gpm3.eu\/polish\",\"description\":\"gpm3.eu\/polish\",\"potentialAction\":[{\"@type\":\"SearchAction\",\"target\":{\"@type\":\"EntryPoint\",\"urlTemplate\":\"http:\/\/gpm3.eu\/polish\/?s={search_term_string}\"},\"query-input\":{\"@type\":\"PropertyValueSpecification\",\"valueRequired\":true,\"valueName\":\"search_term_string\"}}],\"inLanguage\":\"pl-PL\"}]}<\/script>\n<!-- \/ Yoast SEO plugin. -->","yoast_head_json":{"title":"Projekty publiczne - PL | gpm3.eu\/polish","description":"Zarz\u0105dzanie projektami jest strategiczn\u0105 umiej\u0119tno\u015bci\u0105 ka\u017cdego rz\u0105du. Model zarz\u0105dzania projektami publicznymi, r\u00f3\u017cnice mi\u0119dzy projektami prywatnymi a publicznymi, projekty jako narz\u0119dzie rozwoju administracji publicznej, pora\u017cki proejkt\u00f3w - o tym mo\u017cesz przeczyta\u0107 na tej stronie.","robots":{"index":"index","follow":"follow","max-snippet":"max-snippet:-1","max-image-preview":"max-image-preview:large","max-video-preview":"max-video-preview:-1"},"canonical":"http:\/\/gpm3.eu\/polish\/projekt-publiczny\/","og_locale":"pl_PL","og_type":"article","og_title":"Projekty publiczne - PL | gpm3.eu\/polish","og_description":"Zarz\u0105dzanie projektami jest strategiczn\u0105 umiej\u0119tno\u015bci\u0105 ka\u017cdego rz\u0105du. Model zarz\u0105dzania projektami publicznymi, r\u00f3\u017cnice mi\u0119dzy projektami prywatnymi a publicznymi, projekty jako narz\u0119dzie rozwoju administracji publicznej, pora\u017cki proejkt\u00f3w - o tym mo\u017cesz przeczyta\u0107 na tej stronie.","og_url":"http:\/\/gpm3.eu\/polish\/projekt-publiczny\/","og_site_name":"PL | gpm3.eu\/polish","article_modified_time":"2019-06-24T11:04:35+00:00","twitter_card":"summary_large_image","schema":{"@context":"https:\/\/schema.org","@graph":[{"@type":"WebPage","@id":"http:\/\/gpm3.eu\/polish\/projekt-publiczny\/","url":"http:\/\/gpm3.eu\/polish\/projekt-publiczny\/","name":"Projekty publiczne - PL | gpm3.eu\/polish","isPartOf":{"@id":"http:\/\/gpm3.eu\/polish\/#website"},"datePublished":"2019-06-24T09:17:26+00:00","dateModified":"2019-06-24T11:04:35+00:00","description":"Zarz\u0105dzanie projektami jest strategiczn\u0105 umiej\u0119tno\u015bci\u0105 ka\u017cdego rz\u0105du. Model zarz\u0105dzania projektami publicznymi, r\u00f3\u017cnice mi\u0119dzy projektami prywatnymi a publicznymi, projekty jako narz\u0119dzie rozwoju administracji publicznej, pora\u017cki proejkt\u00f3w - o tym mo\u017cesz przeczyta\u0107 na tej stronie.","breadcrumb":{"@id":"http:\/\/gpm3.eu\/polish\/projekt-publiczny\/#breadcrumb"},"inLanguage":"pl-PL","potentialAction":[{"@type":"ReadAction","target":["http:\/\/gpm3.eu\/polish\/projekt-publiczny\/"]}]},{"@type":"BreadcrumbList","@id":"http:\/\/gpm3.eu\/polish\/projekt-publiczny\/#breadcrumb","itemListElement":[{"@type":"ListItem","position":1,"name":"Home","item":"http:\/\/gpm3.eu\/polish\/"},{"@type":"ListItem","position":2,"name":"Projekty publiczne"}]},{"@type":"WebSite","@id":"http:\/\/gpm3.eu\/polish\/#website","url":"http:\/\/gpm3.eu\/polish\/","name":"PL | gpm3.eu\/polish","description":"gpm3.eu\/polish","potentialAction":[{"@type":"SearchAction","target":{"@type":"EntryPoint","urlTemplate":"http:\/\/gpm3.eu\/polish\/?s={search_term_string}"},"query-input":{"@type":"PropertyValueSpecification","valueRequired":true,"valueName":"search_term_string"}}],"inLanguage":"pl-PL"}]}},"_links":{"self":[{"href":"https:\/\/gpm3.eu\/polish\/wp-json\/wp\/v2\/pages\/450","targetHints":{"allow":["GET"]}}],"collection":[{"href":"https:\/\/gpm3.eu\/polish\/wp-json\/wp\/v2\/pages"}],"about":[{"href":"https:\/\/gpm3.eu\/polish\/wp-json\/wp\/v2\/types\/page"}],"author":[{"embeddable":true,"href":"https:\/\/gpm3.eu\/polish\/wp-json\/wp\/v2\/users\/1"}],"replies":[{"embeddable":true,"href":"https:\/\/gpm3.eu\/polish\/wp-json\/wp\/v2\/comments?post=450"}],"version-history":[{"count":2,"href":"https:\/\/gpm3.eu\/polish\/wp-json\/wp\/v2\/pages\/450\/revisions"}],"predecessor-version":[{"id":470,"href":"https:\/\/gpm3.eu\/polish\/wp-json\/wp\/v2\/pages\/450\/revisions\/470"}],"wp:attachment":[{"href":"https:\/\/gpm3.eu\/polish\/wp-json\/wp\/v2\/media?parent=450"}],"curies":[{"name":"wp","href":"https:\/\/api.w.org\/{rel}","templated":true}]}}